{"id":2390,"date":"2023-10-17T09:34:25","date_gmt":"2023-10-17T08:34:25","guid":{"rendered":"https:\/\/www.tiny-houses.es\/?page_id=2390"},"modified":"2024-06-07T15:37:30","modified_gmt":"2024-06-07T14:37:30","slug":"fases","status":"publish","type":"page","link":"https:\/\/www.tiny-houses.es\/fases\/","title":{"rendered":"Fases"},"content":{"rendered":"<h1>\u00bfC\u00f3mo fabricamos tu Tiny?<\/h1>\n<hr>\n<h2>Fase 1<\/h2>\n<div>La fabricaci\u00f3n personalizada del remolque y a su vez nuestros carpinteros, crean las estructuras de la casita; paredes, techo y suelo.<\/div>\n<ul>\n<li>\n<p>        <img decoding=\"async\" src=\"\/wp-content\/uploads\/fase-1-foto-1.jpg\" alt=\"\"><\/p>\n<h3>fase-1-foto-1<\/h3>\n<\/li>\n<li>\n<p>        <img decoding=\"async\" src=\"\/wp-content\/uploads\/fase-1-foto-2.jpg\" alt=\"\"><\/p>\n<h3>fase-1-foto-2<\/h3>\n<\/li>\n<li>\n<p>        <img decoding=\"async\" src=\"\/wp-content\/uploads\/fase-1-foto-3.jpg\" alt=\"\"><\/p>\n<h3>fase-1-foto-3<\/h3>\n<\/li>\n<li>\n<p>        <img decoding=\"async\" src=\"\/wp-content\/uploads\/fase-1-foto-4.jpg\" alt=\"\"><\/p>\n<h3>fase-1-foto-4<\/h3>\n<\/li>\n<li>\n<p>        <img decoding=\"async\" src=\"\/wp-content\/uploads\/fase-1-foto-5.jpg\" alt=\"\"><\/p>\n<h3>fase-1-foto-5<\/h3>\n<\/li>\n<\/ul>\n<h2>Fase 2<\/h2>\n<div>\n<p>\u00a1Esto empieza a tomar forma! La siguiente fase consiste en construir los tabiques interiores, la entreplanta, las preinstalaciones e instalaciones de electricidad, fontaner\u00eda y paneles solares, el tejado y el revestimiento exterior.<\/p>\n<\/div>\n<ul>\n<li>\n<p>        <img decoding=\"async\" src=\"\/wp-content\/uploads\/fase-2-foto-1.jpg\" alt=\"\"><\/p>\n<h3>fase-2-foto-1<\/h3>\n<\/li>\n<li>\n<p>        <img decoding=\"async\" src=\"\/wp-content\/uploads\/fase-2-foto-2.jpg\" alt=\"\"><\/p>\n<h3>fase-2-foto-2<\/h3>\n<\/li>\n<li>\n<p>        <img decoding=\"async\" src=\"\/wp-content\/uploads\/fase-2-foto-3.jpg\" alt=\"\"><\/p>\n<h3>fase-2-foto-3<\/h3>\n<\/li>\n<li>\n<p>        <img decoding=\"async\" src=\"\/wp-content\/uploads\/fase-2-foto-4.jpg\" alt=\"\"><\/p>\n<h3>fase-2-foto-4<\/h3>\n<\/li>\n<li>\n<p>        <img decoding=\"async\" src=\"\/wp-content\/uploads\/fase-2-foto-5.jpg\" alt=\"\"><\/p>\n<h3>fase-2-foto-5<\/h3>\n<\/li>\n<\/ul>\n<h2>Fase 3<\/h2>\n<div>Y por \u00faltimo darle ese toque tan personalizado y detallado, revestimiento del suelo, acabados interiores, carpinter\u00eda interior, carpinter\u00eda exterior, cocina equipada, ba\u00f1o equipado&#8230; \u00a1Acabada a tu gusto!<\/div>\n<ul>\n<li>\n<p>        <img decoding=\"async\" src=\"\/wp-content\/uploads\/fase-3-foto-1.jpg\" alt=\"\"><\/p>\n<h3>fase-3-foto-1<\/h3>\n<\/li>\n<li>\n<p>        <img decoding=\"async\" src=\"\/wp-content\/uploads\/fase-3-foto-2.jpg\" alt=\"\"><\/p>\n<h3>fase-3-foto-2<\/h3>\n<\/li>\n<li>\n<p>        <img decoding=\"async\" src=\"\/wp-content\/uploads\/fase-3-foto-3.jpg\" alt=\"\"><\/p>\n<h3>fase-3-foto-3<\/h3>\n<\/li>\n<li>\n<p>        <img decoding=\"async\" src=\"\/wp-content\/uploads\/fase-3-foto-4-scaled.jpg\" alt=\"\"><\/p>\n<h3>fase-3-foto-4<\/h3>\n<\/li>\n<li>\n<p>        <img decoding=\"async\" src=\"\/wp-content\/uploads\/fase-3-foto-5.jpg\" alt=\"\"><\/p>\n<h3>fase-3-foto-5<\/h3>\n<\/li>\n<\/ul>\n<p><!--more--><br \/>\n<!-- {\"type\":\"layout\",\"children\":[{\"type\":\"section\",\"props\":{\"image_position\":\"center-center\",\"style\":\"default\",\"title_breakpoint\":\"xl\",\"title_position\":\"top-left\",\"title_rotation\":\"left\",\"vertical_align\":\"middle\",\"width\":\"large\"},\"children\":[{\"type\":\"row\",\"children\":[{\"type\":\"column\",\"props\":{\"image_position\":\"center-center\",\"position_sticky_breakpoint\":\"m\"},\"children\":[{\"type\":\"headline\",\"props\":{\"class\":\"uk-text-uppercase\",\"content\":\"\\u00bfC\\u00f3mo fabricamos tu Tiny?\",\"content_de_de\":\"Wie bauen wir Ihren Tiny?\",\"content_en_us\":\"HOW DO WE BUILD YOUR TINY?\",\"content_fr_fr\":\"Comment fabriquons-nous votre Tiny ?\",\"margin_remove_bottom\":true,\"text_align\":\"center\",\"title_element\":\"h1\",\"title_style\":\"heading-large\"}},{\"type\":\"divider\",\"props\":{\"block_align\":\"center\",\"divider_align\":\"center\",\"divider_element\":\"hr\",\"divider_style\":\"small\"}}]}]}]},{\"type\":\"section\",\"props\":{\"animation\":\"slide-left-medium\",\"image_position\":\"center-center\",\"style\":\"default\",\"title_breakpoint\":\"xl\",\"title_position\":\"top-left\",\"title_rotation\":\"left\",\"vertical_align\":\"middle\",\"width\":\"small\"},\"children\":[{\"type\":\"row\",\"children\":[{\"type\":\"column\",\"props\":{\"image_position\":\"center-center\",\"position_sticky_breakpoint\":\"m\"},\"children\":[{\"type\":\"headline\",\"props\":{\"content\":\"Fase 1\",\"content_de_de\":\"Phase 1\",\"content_en_us\":\"Phase 1\",\"content_fr_fr\":\"<span style=\\\"font-weight: 400;\\\">Phase 1<\\\/span>\",\"title_element\":\"h2\",\"title_style\":\"h1\"}},{\"type\":\"text\",\"props\":{\"column_breakpoint\":\"m\",\"content\":\"La fabricaci\\u00f3n personalizada del remolque y a su vez nuestros carpinteros, crean las estructuras de la casita; paredes, techo y suelo.\",\"content_de_de\":\"\n\n<p><span style=\\\"font-weight: 400;\\\">Die individuelle Fertigung des Anh\\u00e4ngers und gleichzeitig schaffen unsere Zimmerleute die Strukturen des Tiny Houses; W\\u00e4nde, Dach und Boden.<\\\/span><\\\/p>\",\"content_en_us\":\"\n\n<p>Custom manufacturing of the trailer and simultaneously our carpenters create the structures<br \\\/>of the tiny house; walls, roof, and floor.<\\\/p>\",\"content_fr_fr\":\"\n\n<p><span style=\\\"font-weight: 400;\\\">Fabrication personnalis\\u00e9e de la remorque et simultan\\u00e9ment nos charpentiers cr\\u00e9ent les structures de la petite maison; murs, toit et sol.<\\\/span><\\\/p>\",\"margin\":\"default\",\"text_style\":\"large\"}},{\"type\":\"slideshow\",\"props\":{\"link_style\":\"default\",\"link_text\":\"Read more\",\"margin\":\"default\",\"meta_align\":\"below-title\",\"meta_element\":\"div\",\"meta_style\":\"text-meta\",\"nav\":\"thumbnav\",\"nav_align\":\"center\",\"nav_breakpoint\":\"s\",\"nav_position\":\"bottom-center\",\"nav_position_margin\":\"medium\",\"nav_vertical\":false,\"overlay_animation\":\"parallax\",\"overlay_position\":\"center-left\",\"show_content\":true,\"show_link\":true,\"show_meta\":true,\"show_thumbnail\":true,\"show_title\":false,\"slidenav\":\"default\",\"slidenav_breakpoint\":\"s\",\"slidenav_margin\":\"medium\",\"slidenav_outside_breakpoint\":\"xl\",\"slideshow_autoplay_pause\":true,\"slideshow_min_height\":300,\"thumbnav_height\":\"75\",\"thumbnav_svg_color\":\"emphasis\",\"thumbnav_width\":\"100\",\"title_element\":\"h3\"},\"children\":[{\"type\":\"slideshow_item\",\"props\":{\"image\":\"wp-content\\\/uploads\\\/fase-1-foto-1.jpg\",\"title\":\"fase-1-foto-1\"}},{\"type\":\"slideshow_item\",\"props\":{\"image\":\"wp-content\\\/uploads\\\/fase-1-foto-2.jpg\",\"title\":\"fase-1-foto-2\"}},{\"type\":\"slideshow_item\",\"props\":{\"image\":\"wp-content\\\/uploads\\\/fase-1-foto-3.jpg\",\"title\":\"fase-1-foto-3\"}},{\"type\":\"slideshow_item\",\"props\":{\"image\":\"wp-content\\\/uploads\\\/fase-1-foto-4.jpg\",\"title\":\"fase-1-foto-4\"}},{\"type\":\"slideshow_item\",\"props\":{\"image\":\"wp-content\\\/uploads\\\/fase-1-foto-5.jpg\",\"title\":\"fase-1-foto-5\"}}]}]}]}],\"name\":\"Fase 1\"},{\"type\":\"section\",\"props\":{\"animation\":\"slide-left-medium\",\"image_position\":\"center-center\",\"style\":\"default\",\"title_breakpoint\":\"xl\",\"title_position\":\"top-left\",\"title_rotation\":\"left\",\"vertical_align\":\"middle\",\"width\":\"small\"},\"children\":[{\"type\":\"row\",\"children\":[{\"type\":\"column\",\"props\":{\"image_position\":\"center-center\",\"position_sticky_breakpoint\":\"m\"},\"children\":[{\"type\":\"headline\",\"props\":{\"content\":\"Fase 2\",\"content_de_de\":\"Phase 2\",\"content_en_us\":\"Phase 2\",\"content_fr_fr\":\"Phase 2\",\"title_element\":\"h2\",\"title_style\":\"h1\"}},{\"type\":\"text\",\"props\":{\"column_breakpoint\":\"m\",\"content\":\"\n\n<p>\\u00a1Esto empieza a tomar forma! La siguiente fase consiste en construir los tabiques interiores, la entreplanta, las preinstalaciones e instalaciones de electricidad, fontaner\\u00eda y paneles solares, el tejado y el revestimiento exterior.<\\\/p>\",\"content_de_de\":\"\n\n<p><span style=\\\"font-weight: 400;\\\">Das nimmt langsam Form an! Der n\\u00e4chste Schritt sind die inneren Unterteilungen, der Dachboden, Vorinstallationen und Installationen von Elektrizit\\u00e4t, Sanit\\u00e4r und Solaranlagen, das Dach und die \\u00e4u\\u00dfere Verkleidung.<\\\/span><\\\/p>\",\"content_en_us\":\"\n\n<p>This is starting to take shape! The next step is the interior divisions, loft, pre-installations and installations of electricity, plumbing, and solar panels, roof, and exterior cladding.<\\\/p>\",\"content_fr_fr\":\"\n\n<p><span style=\\\"font-weight: 400;\\\">\\u00c7a commence \\u00e0 prendre forme ! L'\\u00e9tape suivante concerne les divisions int\\u00e9rieures, la mezzanine, les pr\\u00e9-installations et installations d'\\u00e9lectricit\\u00e9, plomberie et panneaux solaires, le toit et le rev\\u00eatement ext\\u00e9rieur.<\\\/span><\\\/p>\",\"margin\":\"default\",\"text_style\":\"large\"}},{\"type\":\"slideshow\",\"props\":{\"link_style\":\"default\",\"link_text\":\"Read more\",\"margin\":\"default\",\"meta_align\":\"below-title\",\"meta_element\":\"div\",\"meta_style\":\"text-meta\",\"nav\":\"thumbnav\",\"nav_align\":\"center\",\"nav_breakpoint\":\"s\",\"nav_position\":\"bottom-center\",\"nav_position_margin\":\"medium\",\"nav_vertical\":false,\"overlay_animation\":\"parallax\",\"overlay_position\":\"center-left\",\"show_content\":true,\"show_link\":true,\"show_meta\":true,\"show_thumbnail\":true,\"show_title\":false,\"slidenav\":\"default\",\"slidenav_breakpoint\":\"s\",\"slidenav_margin\":\"medium\",\"slidenav_outside_breakpoint\":\"xl\",\"slideshow_autoplay_pause\":true,\"slideshow_min_height\":300,\"thumbnav_height\":\"75\",\"thumbnav_svg_color\":\"emphasis\",\"thumbnav_width\":\"100\",\"title_element\":\"h3\"},\"children\":[{\"type\":\"slideshow_item\",\"props\":{\"image\":\"wp-content\\\/uploads\\\/fase-2-foto-1.jpg\",\"title\":\"fase-2-foto-1\"}},{\"type\":\"slideshow_item\",\"props\":{\"image\":\"wp-content\\\/uploads\\\/fase-2-foto-2.jpg\",\"title\":\"fase-2-foto-2\"}},{\"type\":\"slideshow_item\",\"props\":{\"image\":\"wp-content\\\/uploads\\\/fase-2-foto-3.jpg\",\"title\":\"fase-2-foto-3\"}},{\"type\":\"slideshow_item\",\"props\":{\"image\":\"wp-content\\\/uploads\\\/fase-2-foto-4.jpg\",\"title\":\"fase-2-foto-4\"}},{\"type\":\"slideshow_item\",\"props\":{\"image\":\"wp-content\\\/uploads\\\/fase-2-foto-5.jpg\",\"title\":\"fase-2-foto-5\"}}]}]}]}],\"name\":\"Fase 2\"},{\"type\":\"section\",\"props\":{\"animation\":\"slide-left-medium\",\"image_position\":\"center-center\",\"style\":\"default\",\"title_breakpoint\":\"xl\",\"title_position\":\"top-left\",\"title_rotation\":\"left\",\"vertical_align\":\"middle\",\"width\":\"small\"},\"children\":[{\"type\":\"row\",\"children\":[{\"type\":\"column\",\"props\":{\"image_position\":\"center-center\",\"position_sticky_breakpoint\":\"m\"},\"children\":[{\"type\":\"headline\",\"props\":{\"content\":\"Fase 3\",\"content_de_de\":\"Phase 3\",\"content_en_us\":\"Phase 3\",\"content_fr_fr\":\"Phase 3\",\"title_element\":\"h2\",\"title_style\":\"h1\"}},{\"type\":\"text\",\"props\":{\"column_breakpoint\":\"m\",\"content\":\"Y por \\u00faltimo darle ese toque tan personalizado y detallado, revestimiento del suelo, acabados interiores, carpinter\\u00eda interior, carpinter\\u00eda exterior, cocina equipada, ba\\u00f1o equipado... \\u00a1Acabada a tu gusto!\",\"content_de_de\":\"\n\n<p><span style=\\\"font-weight: 400;\\\">Und schlie\\u00dflich verleihen Sie ihr diesen pers\\u00f6nlichen und detaillierten Touch, Bodenbelag, Innenausstattung, Innenschreinerei, Au\\u00dfenschreinerei, ausgestattete K\\u00fcche, ausgestattetes Badezimmer... Fertig nach Ihren W\\u00fcnschen!<\\\/span><\\\/p>\",\"content_en_us\":\"\n\n<p>And finally, give it that personalized and detailed touch, floor covering, interior finishes, interior carpentry, exterior carpentry, equipped kitchen, equipped bathroom... Finished to your liking!<\\\/p>\",\"content_fr_fr\":\"\n\n<p><span style=\\\"font-weight: 400;\\\">Et enfin, lui donner cette touche personnalis\\u00e9e et d\\u00e9taill\\u00e9e, rev\\u00eatement de sol, finitions int\\u00e9rieures, menuiserie int\\u00e9rieure, menuiserie ext\\u00e9rieure, cuisine \\u00e9quip\\u00e9e, salle de bain \\u00e9quip\\u00e9e... Finition selon vos pr\\u00e9f\\u00e9rences !<\\\/span><\\\/p>\",\"margin\":\"default\",\"text_style\":\"large\"}},{\"type\":\"slideshow\",\"props\":{\"link_style\":\"default\",\"link_text\":\"Read more\",\"margin\":\"default\",\"meta_align\":\"below-title\",\"meta_element\":\"div\",\"meta_style\":\"text-meta\",\"nav\":\"thumbnav\",\"nav_align\":\"center\",\"nav_breakpoint\":\"s\",\"nav_position\":\"bottom-center\",\"nav_position_margin\":\"medium\",\"nav_vertical\":false,\"overlay_animation\":\"parallax\",\"overlay_position\":\"center-left\",\"show_content\":true,\"show_link\":true,\"show_meta\":true,\"show_thumbnail\":true,\"show_title\":false,\"slidenav\":\"default\",\"slidenav_breakpoint\":\"s\",\"slidenav_margin\":\"medium\",\"slidenav_outside_breakpoint\":\"xl\",\"slideshow_autoplay_pause\":true,\"slideshow_min_height\":300,\"thumbnav_height\":\"75\",\"thumbnav_svg_color\":\"emphasis\",\"thumbnav_width\":\"100\",\"title_element\":\"h3\"},\"children\":[{\"type\":\"slideshow_item\",\"props\":{\"image\":\"wp-content\\\/uploads\\\/fase-3-foto-1.jpg\",\"title\":\"fase-3-foto-1\"}},{\"type\":\"slideshow_item\",\"props\":{\"image\":\"wp-content\\\/uploads\\\/fase-3-foto-2.jpg\",\"title\":\"fase-3-foto-2\"}},{\"type\":\"slideshow_item\",\"props\":{\"image\":\"wp-content\\\/uploads\\\/fase-3-foto-3.jpg\",\"title\":\"fase-3-foto-3\"}},{\"type\":\"slideshow_item\",\"props\":{\"image\":\"wp-content\\\/uploads\\\/fase-3-foto-4-scaled.jpg\",\"title\":\"fase-3-foto-4\"}},{\"type\":\"slideshow_item\",\"props\":{\"image\":\"wp-content\\\/uploads\\\/fase-3-foto-5.jpg\",\"title\":\"fase-3-foto-5\"}}]}]}]}],\"name\":\"Fase 3\"}],\"version\":\"4.1.3\"} --><\/p>\n","protected":false},"excerpt":{"rendered":"<p>\u00bfC\u00f3mo fabricamos tu Tiny? Fase 1 La fabricaci\u00f3n personalizada del remolque y a su vez nuestros carpinteros, crean las estructuras de la casita; paredes, techo y suelo. fase-1-foto-1 fase-1-foto-2 fase-1-foto-3 fase-1-foto-4 fase-1-foto-5 Fase 2 \u00a1Esto empieza a tomar forma! La siguiente fase consiste en construir los tabiques interiores, la entreplanta, las preinstalaciones e instalaciones de [&hellip;]<\/p>\n","protected":false},"author":1,"featured_media":2424,"parent":0,"menu_order":-98,"comment_status":"closed","ping_status":"closed","template":"","meta":{"footnotes":""},"class_list":["post-2390","page","type-page","status-publish","has-post-thumbnail","hentry"],"jetpack_sharing_enabled":true,"_links":{"self":[{"href":"https:\/\/www.tiny-houses.es\/wp-json\/wp\/v2\/pages\/2390"}],"collection":[{"href":"https:\/\/www.tiny-houses.es\/wp-json\/wp\/v2\/pages"}],"about":[{"href":"https:\/\/www.tiny-houses.es\/wp-json\/wp\/v2\/types\/page"}],"author":[{"embeddable":true,"href":"https:\/\/www.tiny-houses.es\/wp-json\/wp\/v2\/users\/1"}],"replies":[{"embeddable":true,"href":"https:\/\/www.tiny-houses.es\/wp-json\/wp\/v2\/comments?post=2390"}],"version-history":[{"count":41,"href":"https:\/\/www.tiny-houses.es\/wp-json\/wp\/v2\/pages\/2390\/revisions"}],"predecessor-version":[{"id":3084,"href":"https:\/\/www.tiny-houses.es\/wp-json\/wp\/v2\/pages\/2390\/revisions\/3084"}],"wp:featuredmedia":[{"embeddable":true,"href":"https:\/\/www.tiny-houses.es\/wp-json\/wp\/v2\/media\/2424"}],"wp:attachment":[{"href":"https:\/\/www.tiny-houses.es\/wp-json\/wp\/v2\/media?parent=2390"}],"curies":[{"name":"wp","href":"https:\/\/api.w.org\/{rel}","templated":true}]}}